{"id":736,"date":"2023-03-09T15:42:09","date_gmt":"2023-03-09T15:42:09","guid":{"rendered":"https:\/\/cercidiana.pt\/beta\/?page_id=736"},"modified":"2023-03-09T16:11:07","modified_gmt":"2023-03-09T16:11:07","slug":"ipi","status":"publish","type":"page","link":"https:\/\/cercidiana.pt\/?page_id=736","title":{"rendered":"Interven\u00e7\u00e3o Precoce na Inf\u00e2ncia"},"content":{"rendered":"\n<p>A Equipa Local de Interven\u00e7\u00e3o n.\u00ba 1 de \u00c9vora\/ Cercidiana do Sistema Nacional de Interven\u00e7\u00e3o Precoce na Inf\u00e2ncia, adiante designada por ELI, \u00e9 constitu\u00edda por uma equipa pluridisciplinar, com funcionamento transdisciplinar assente em parcerias institucionais, integrando representantes dos Minist\u00e9rios do Trabalho e da Solidariedade Social, da Sa\u00fade, da Educa\u00e7\u00e3o, entre outras entidades.<\/p>\n\n\n\n<p>&nbsp;\u00c9 constitu\u00edda em cumprimento do Art. 7\u00ba do Decreto-Lei n.\u00ba 281\/2009, de 6 de Outubro, rege-se pelas disposi\u00e7\u00f5es constantes do presente regulamento, bem como pelo respectivo Protocolo de constitui\u00e7\u00e3o e pelas normas regulamentadoras e orienta\u00e7\u00f5es emitidas pela Comiss\u00e3o de Coordena\u00e7\u00e3o do Sistema Nacional de Interven\u00e7\u00e3o Precoce na Inf\u00e2ncia (SNIPI).<\/p>\n\n\n\n<h4>Regulamento Interno IPI<\/h4>\n\n\n\n<div class=\"wp-block-file\"><a id=\"wp-block-file--media-84f4ba6b-9e8e-435e-8460-95c9df1a70a4\" href=\"https:\/\/cercidiana.pt\/wp-content\/uploads\/2023\/03\/SNIPI.pdf\" target=\"_blank\" rel=\"noreferrer noopener\">SNIPI<\/a><a href=\"https:\/\/cercidiana.pt\/wp-content\/uploads\/2023\/03\/SNIPI.pdf\" class=\"wp-block-file__button wp-element-button\" download aria-describedby=\"wp-block-file--media-84f4ba6b-9e8e-435e-8460-95c9df1a70a4\">Descarregar<\/a><\/div>\n","protected":false},"excerpt":{"rendered":"<p>A Equipa Local de Interven\u00e7\u00e3o n.\u00ba 1 de \u00c9vora\/ Cercidiana do Sistema Nacional de Interven\u00e7\u00e3o Precoce na Inf\u00e2ncia, adiante designada por ELI, \u00e9 constitu\u00edda por uma equipa pluridisciplinar, com funcionamento transdisciplinar assente em parcerias institucionais, integrando representantes dos Minist\u00e9rios do Trabalho e da Solidariedade Social, da Sa\u00fade, da Educa\u00e7\u00e3o, entre outras entidades. &nbsp;\u00c9 constitu\u00edda em&hellip;&nbsp;<a href=\"https:\/\/cercidiana.pt\/?page_id=736\" class=\"\" rel=\"bookmark\">Ler mais &raquo;<span class=\"screen-reader-text\">Interven\u00e7\u00e3o Precoce na Inf\u00e2ncia<\/span><\/a><\/p>\n","protected":false},"author":1,"featured_media":0,"parent":0,"menu_order":0,"comment_status":"closed","ping_status":"closed","template":"","meta":{"neve_meta_sidebar":"","neve_meta_container":"","neve_meta_enable_content_width":"","neve_meta_content_width":0,"neve_meta_title_alignment":"","neve_meta_author_avatar":"","neve_post_elements_order":"","neve_meta_disable_header":"","neve_meta_disable_footer":"","neve_meta_disable_title":"","_themeisle_gutenberg_block_has_review":false},"_links":{"self":[{"href":"https:\/\/cercidiana.pt\/index.php?rest_route=\/wp\/v2\/pages\/736"}],"collection":[{"href":"https:\/\/cercidiana.pt\/index.php?rest_route=\/wp\/v2\/pages"}],"about":[{"href":"https:\/\/cercidiana.pt\/index.php?rest_route=\/wp\/v2\/types\/page"}],"author":[{"embeddable":true,"href":"https:\/\/cercidiana.pt\/index.php?rest_route=\/wp\/v2\/users\/1"}],"replies":[{"embeddable":true,"href":"https:\/\/cercidiana.pt\/index.php?rest_route=%2Fwp%2Fv2%2Fcomments&post=736"}],"version-history":[{"count":9,"href":"https:\/\/cercidiana.pt\/index.php?rest_route=\/wp\/v2\/pages\/736\/revisions"}],"predecessor-version":[{"id":759,"href":"https:\/\/cercidiana.pt\/index.php?rest_route=\/wp\/v2\/pages\/736\/revisions\/759"}],"wp:attachment":[{"href":"https:\/\/cercidiana.pt\/index.php?rest_route=%2Fwp%2Fv2%2Fmedia&parent=736"}],"curies":[{"name":"wp","href":"https:\/\/api.w.org\/{rel}","templated":true}]}}